{"id":16403,"date":"2024-11-18T12:08:08","date_gmt":"2024-11-18T12:08:08","guid":{"rendered":"https:\/\/www.zahnaerztin-thies.de\/filosofia-de-la-practica\/"},"modified":"2026-03-23T15:42:41","modified_gmt":"2026-03-23T15:42:41","slug":"filosofia-de-la-clinica","status":"publish","type":"page","link":"https:\/\/www.zahnaerztin-thies.de\/es\/filosofia-de-la-clinica\/","title":{"rendered":"Filosof\u00eda de la pr\u00e1ctica"},"content":{"rendered":"<div class=\"fusion-fullwidth fullwidth-box fusion-builder-row-1 fusion-flex-container nonhundred-percent-fullwidth non-hundred-percent-height-scrolling\" style=\"--awb-border-radius-top-left:0px;--awb-border-radius-top-right:0px;--awb-border-radius-bottom-right:0px;--awb-border-radius-bottom-left:0px;--awb-flex-wrap:wrap;\" ><div class=\"fusion-builder-row fusion-row fusion-flex-align-items-flex-start fusion-flex-content-wrap\" style=\"max-width:1456px;margin-left: calc(-4% \/ 2 );margin-right: calc(-4% \/ 2 );\"><div class=\"fusion-layout-column fusion_builder_column fusion-builder-column-0 fusion_builder_column_3_4 3_4 fusion-flex-column\" style=\"--awb-bg-blend:overlay;--awb-bg-size:cover;--awb-width-large:75%;--awb-margin-top-large:0px;--awb-spacing-right-large:2.56%;--awb-margin-bottom-large:0px;--awb-spacing-left-large:2.56%;--awb-width-medium:75%;--awb-spacing-right-medium:2.56%;--awb-spacing-left-medium:2.56%;--awb-width-small:100%;--awb-spacing-right-small:1.92%;--awb-spacing-left-small:1.92%;\"><div class=\"fusion-column-wrapper fusion-flex-justify-content-flex-start fusion-content-layout-column\"><div class=\"fusion-title title fusion-title-1 fusion-sep-none fusion-title-text fusion-title-size-one\" style=\"--awb-text-color:var(--awb-color4);--awb-margin-top-small:10px;--awb-margin-right-small:0px;--awb-margin-bottom-small:10px;--awb-margin-left-small:0px;--awb-font-size:var(--awb-typography1-font-size);\"><h1 class=\"fusion-title-heading title-heading-left\" style=\"font-family:var(--awb-typography1-font-family);font-weight:var(--awb-typography1-font-weight);font-style:var(--awb-typography1-font-style);margin:0;letter-spacing:var(--awb-typography1-letter-spacing);text-transform:var(--awb-typography1-text-transform);font-size:1em;line-height:var(--awb-typography1-line-height);\">Filosof\u00eda de la pr\u00e1ctica<\/h1><\/div><div class=\"fusion-text fusion-text-1\" style=\"--awb-font-size:var(--awb-typography4-font-size);--awb-line-height:var(--awb-typography4-line-height);--awb-letter-spacing:var(--awb-typography4-letter-spacing);--awb-text-transform:var(--awb-typography4-text-transform);--awb-text-font-family:var(--awb-typography4-font-family);--awb-text-font-weight:var(--awb-typography4-font-weight);--awb-text-font-style:var(--awb-typography4-font-style);\"><p><strong>Bienestar<\/strong> &#8211; Tu bienestar es el centro de nuestra pr\u00e1ctica, que pretendemos conseguir manteniendo o restaurando tu salud dental. Unos dientes bonitos y una dentadura sana son importantes para la funci\u00f3n masticatoria. Sin embargo, unos dientes bonitos tambi\u00e9n simbolizan vitalidad, juventud, salud, un aspecto agradable y vitalidad. T\u00fa, como persona e individuo, est\u00e1s en el centro de nuestra atenci\u00f3n. Por eso nos tomamos el tiempo necesario para hablar de tus deseos, objetivos y temores en una consulta detallada en nuestra sala de consultas.<\/p>\n<p><strong>Fiabilidad en la planificaci\u00f3n<\/strong> &#8211; Cumplir las citas programadas es una gran prioridad, para que podamos mantener nuestros tiempos de espera cortos y hacer que tu estancia en la consulta sea lo m\u00e1s agradable posible.<\/p>\n<p><strong>Mantenimiento de la salud &#8211;<\/strong> Cualquier diente natural sano que tengas es mejor que la dentadura postiza m\u00e1s perfecta. Por eso nuestro principal objetivo es mantener sanos tus dientes naturales el mayor tiempo posible. Podemos conseguir la mejor protecci\u00f3n posible contra la caries y las enfermedades de las enc\u00edas mediante medidas preventivas individualizadas y adaptadas a tus necesidades. Te ofrecemos medidas que van m\u00e1s all\u00e1 de las revisiones habituales.<\/p>\n<p><strong>Ni\u00f1os &#8211;<\/strong> Tambi\u00e9n damos especial importancia a la odontopediatr\u00eda. Tratamos a los ni\u00f1os individualmente y les presentamos al dentista de forma l\u00fadica. Lo mejor es que vayan al dentista con regularidad lo antes posible. De este modo, llegan a conocer el tratamiento dental como una situaci\u00f3n completamente normal.   <\/p>\n<p><strong>Formaci\u00f3n continua <\/strong>&#8211; Todo el equipo de la consulta participa regularmente en cursos de formaci\u00f3n continua para estar al d\u00eda de los \u00faltimos avances cient\u00edficos y poder ofrecerte todas las innovaciones en odontolog\u00eda.<\/p>\n<\/div><\/div><\/div><\/div><\/div>\n","protected":false},"excerpt":{"rendered":"","protected":false},"author":21,"featured_media":0,"parent":0,"menu_order":0,"comment_status":"closed","ping_status":"closed","template":"100-width.php","meta":{"footnotes":""},"class_list":["post-16403","page","type-page","status-publish","hentry"],"yoast_head":"<!-- This site is optimized with the Yoast SEO plugin v27.5 - https:\/\/yoast.com\/product\/yoast-seo-wordpress\/ -->\n<title>Filosof\u00eda de la cl\u00ednica dental: centrada en el bienestar y la salud dental<\/title>\n<meta name=\"description\" content=\"Descubre la filosof\u00eda de nuestra consulta: bienestar, conservaci\u00f3n de los dientes, prevenci\u00f3n moderna y atenci\u00f3n individualizada para tu salud dental a largo plazo.\" \/>\n<meta name=\"robots\" content=\"index, follow, max-snippet:-1, max-image-preview:large, max-video-preview:-1\" \/>\n<link rel=\"canonical\" href=\"https:\/\/www.zahnaerztin-thies.de\/es\/filosofia-de-la-clinica\/\" \/>\n<meta property=\"og:locale\" content=\"es_ES\" \/>\n<meta property=\"og:type\" content=\"article\" \/>\n<meta property=\"og:title\" content=\"Filosof\u00eda de la cl\u00ednica dental: centrada en el bienestar y la salud dental\" \/>\n<meta property=\"og:description\" content=\"Descubre la filosof\u00eda de nuestra consulta: bienestar, conservaci\u00f3n de los dientes, prevenci\u00f3n moderna y atenci\u00f3n individualizada para tu salud dental a largo plazo.\" \/>\n<meta property=\"og:url\" content=\"https:\/\/www.zahnaerztin-thies.de\/es\/filosofia-de-la-clinica\/\" \/>\n<meta property=\"og:site_name\" content=\"Zahn\u00e4rztin Dr. Thies\" \/>\n<meta property=\"article:publisher\" content=\"https:\/\/www.facebook.com\/ZahnarztpraxisDrThies\/\" \/>\n<meta property=\"article:modified_time\" content=\"2026-03-23T15:42:41+00:00\" \/>\n<meta property=\"og:image\" content=\"https:\/\/www.zahnaerztin-thies.de\/wp-content\/uploads\/thies-og-3.jpg\" \/>\n\t<meta property=\"og:image:width\" content=\"1200\" \/>\n\t<meta property=\"og:image:height\" content=\"630\" \/>\n\t<meta property=\"og:image:type\" content=\"image\/jpeg\" \/>\n<script type=\"application\/ld+json\" class=\"yoast-schema-graph\">{\"@context\":\"https:\\\/\\\/schema.org\",\"@graph\":[{\"@type\":\"WebPage\",\"@id\":\"https:\\\/\\\/www.zahnaerztin-thies.de\\\/es\\\/filosofia-de-la-clinica\\\/\",\"url\":\"https:\\\/\\\/www.zahnaerztin-thies.de\\\/es\\\/filosofia-de-la-clinica\\\/\",\"name\":\"Filosof\u00eda de la cl\u00ednica dental: centrada en el bienestar y la salud dental\",\"isPartOf\":{\"@id\":\"https:\\\/\\\/www.zahnaerztin-thies.de\\\/es\\\/#website\"},\"datePublished\":\"2024-11-18T12:08:08+00:00\",\"dateModified\":\"2026-03-23T15:42:41+00:00\",\"description\":\"Descubre la filosof\u00eda de nuestra consulta: bienestar, conservaci\u00f3n de los dientes, prevenci\u00f3n moderna y atenci\u00f3n individualizada para tu salud dental a largo plazo.\",\"breadcrumb\":{\"@id\":\"https:\\\/\\\/www.zahnaerztin-thies.de\\\/es\\\/filosofia-de-la-clinica\\\/#breadcrumb\"},\"inLanguage\":\"es\",\"potentialAction\":[{\"@type\":\"ReadAction\",\"target\":[\"https:\\\/\\\/www.zahnaerztin-thies.de\\\/es\\\/filosofia-de-la-clinica\\\/\"]}]},{\"@type\":\"BreadcrumbList\",\"@id\":\"https:\\\/\\\/www.zahnaerztin-thies.de\\\/es\\\/filosofia-de-la-clinica\\\/#breadcrumb\",\"itemListElement\":[{\"@type\":\"ListItem\",\"position\":1,\"name\":\"Home\",\"item\":\"https:\\\/\\\/www.zahnaerztin-thies.de\\\/es\\\/\"},{\"@type\":\"ListItem\",\"position\":2,\"name\":\"Filosof\u00eda de la pr\u00e1ctica\"}]},{\"@type\":\"WebSite\",\"@id\":\"https:\\\/\\\/www.zahnaerztin-thies.de\\\/es\\\/#website\",\"url\":\"https:\\\/\\\/www.zahnaerztin-thies.de\\\/es\\\/\",\"name\":\"Zahn\u00e4rztin Dr. Thies\",\"description\":\"Zahnarztpraxis Bochum\",\"publisher\":{\"@id\":\"https:\\\/\\\/www.zahnaerztin-thies.de\\\/es\\\/#organization\"},\"potentialAction\":[{\"@type\":\"SearchAction\",\"target\":{\"@type\":\"EntryPoint\",\"urlTemplate\":\"https:\\\/\\\/www.zahnaerztin-thies.de\\\/es\\\/?s={search_term_string}\"},\"query-input\":{\"@type\":\"PropertyValueSpecification\",\"valueRequired\":true,\"valueName\":\"search_term_string\"}}],\"inLanguage\":\"es\"},{\"@type\":\"Organization\",\"@id\":\"https:\\\/\\\/www.zahnaerztin-thies.de\\\/es\\\/#organization\",\"name\":\"Zahn\u00e4rztin Dr. Thies\",\"url\":\"https:\\\/\\\/www.zahnaerztin-thies.de\\\/es\\\/\",\"logo\":{\"@type\":\"ImageObject\",\"inLanguage\":\"es\",\"@id\":\"https:\\\/\\\/www.zahnaerztin-thies.de\\\/es\\\/#\\\/schema\\\/logo\\\/image\\\/\",\"url\":\"https:\\\/\\\/www.zahnaerztin-thies.de\\\/wp-content\\\/uploads\\\/Thies-Logo695.jpg\",\"contentUrl\":\"https:\\\/\\\/www.zahnaerztin-thies.de\\\/wp-content\\\/uploads\\\/Thies-Logo695.jpg\",\"width\":695,\"height\":695,\"caption\":\"Zahn\u00e4rztin Dr. Thies\"},\"image\":{\"@id\":\"https:\\\/\\\/www.zahnaerztin-thies.de\\\/es\\\/#\\\/schema\\\/logo\\\/image\\\/\"},\"sameAs\":[\"https:\\\/\\\/www.facebook.com\\\/ZahnarztpraxisDrThies\\\/\",\"https:\\\/\\\/www.youtube.com\\\/channel\\\/UCs1IcvkvQXT0nXMn9fLo2NQ\",\"https:\\\/\\\/www.instagram.com\\\/explore\\\/locations\\\/1031576357\\\/zahnarztpraxis-dr-alexandra-thies\\\/\"]}]}<\/script>\n<!-- \/ Yoast SEO plugin. -->","yoast_head_json":{"title":"Filosof\u00eda de la cl\u00ednica dental: centrada en el bienestar y la salud dental","description":"Descubre la filosof\u00eda de nuestra consulta: bienestar, conservaci\u00f3n de los dientes, prevenci\u00f3n moderna y atenci\u00f3n individualizada para tu salud dental a largo plazo.","robots":{"index":"index","follow":"follow","max-snippet":"max-snippet:-1","max-image-preview":"max-image-preview:large","max-video-preview":"max-video-preview:-1"},"canonical":"https:\/\/www.zahnaerztin-thies.de\/es\/filosofia-de-la-clinica\/","og_locale":"es_ES","og_type":"article","og_title":"Filosof\u00eda de la cl\u00ednica dental: centrada en el bienestar y la salud dental","og_description":"Descubre la filosof\u00eda de nuestra consulta: bienestar, conservaci\u00f3n de los dientes, prevenci\u00f3n moderna y atenci\u00f3n individualizada para tu salud dental a largo plazo.","og_url":"https:\/\/www.zahnaerztin-thies.de\/es\/filosofia-de-la-clinica\/","og_site_name":"Zahn\u00e4rztin Dr. Thies","article_publisher":"https:\/\/www.facebook.com\/ZahnarztpraxisDrThies\/","article_modified_time":"2026-03-23T15:42:41+00:00","og_image":[{"width":1200,"height":630,"url":"https:\/\/www.zahnaerztin-thies.de\/wp-content\/uploads\/thies-og-3.jpg","type":"image\/jpeg"}],"schema":{"@context":"https:\/\/schema.org","@graph":[{"@type":"WebPage","@id":"https:\/\/www.zahnaerztin-thies.de\/es\/filosofia-de-la-clinica\/","url":"https:\/\/www.zahnaerztin-thies.de\/es\/filosofia-de-la-clinica\/","name":"Filosof\u00eda de la cl\u00ednica dental: centrada en el bienestar y la salud dental","isPartOf":{"@id":"https:\/\/www.zahnaerztin-thies.de\/es\/#website"},"datePublished":"2024-11-18T12:08:08+00:00","dateModified":"2026-03-23T15:42:41+00:00","description":"Descubre la filosof\u00eda de nuestra consulta: bienestar, conservaci\u00f3n de los dientes, prevenci\u00f3n moderna y atenci\u00f3n individualizada para tu salud dental a largo plazo.","breadcrumb":{"@id":"https:\/\/www.zahnaerztin-thies.de\/es\/filosofia-de-la-clinica\/#breadcrumb"},"inLanguage":"es","potentialAction":[{"@type":"ReadAction","target":["https:\/\/www.zahnaerztin-thies.de\/es\/filosofia-de-la-clinica\/"]}]},{"@type":"BreadcrumbList","@id":"https:\/\/www.zahnaerztin-thies.de\/es\/filosofia-de-la-clinica\/#breadcrumb","itemListElement":[{"@type":"ListItem","position":1,"name":"Home","item":"https:\/\/www.zahnaerztin-thies.de\/es\/"},{"@type":"ListItem","position":2,"name":"Filosof\u00eda de la pr\u00e1ctica"}]},{"@type":"WebSite","@id":"https:\/\/www.zahnaerztin-thies.de\/es\/#website","url":"https:\/\/www.zahnaerztin-thies.de\/es\/","name":"Zahn\u00e4rztin Dr. Thies","description":"Zahnarztpraxis Bochum","publisher":{"@id":"https:\/\/www.zahnaerztin-thies.de\/es\/#organization"},"potentialAction":[{"@type":"SearchAction","target":{"@type":"EntryPoint","urlTemplate":"https:\/\/www.zahnaerztin-thies.de\/es\/?s={search_term_string}"},"query-input":{"@type":"PropertyValueSpecification","valueRequired":true,"valueName":"search_term_string"}}],"inLanguage":"es"},{"@type":"Organization","@id":"https:\/\/www.zahnaerztin-thies.de\/es\/#organization","name":"Zahn\u00e4rztin Dr. Thies","url":"https:\/\/www.zahnaerztin-thies.de\/es\/","logo":{"@type":"ImageObject","inLanguage":"es","@id":"https:\/\/www.zahnaerztin-thies.de\/es\/#\/schema\/logo\/image\/","url":"https:\/\/www.zahnaerztin-thies.de\/wp-content\/uploads\/Thies-Logo695.jpg","contentUrl":"https:\/\/www.zahnaerztin-thies.de\/wp-content\/uploads\/Thies-Logo695.jpg","width":695,"height":695,"caption":"Zahn\u00e4rztin Dr. Thies"},"image":{"@id":"https:\/\/www.zahnaerztin-thies.de\/es\/#\/schema\/logo\/image\/"},"sameAs":["https:\/\/www.facebook.com\/ZahnarztpraxisDrThies\/","https:\/\/www.youtube.com\/channel\/UCs1IcvkvQXT0nXMn9fLo2NQ","https:\/\/www.instagram.com\/explore\/locations\/1031576357\/zahnarztpraxis-dr-alexandra-thies\/"]}]}},"_links":{"self":[{"href":"https:\/\/www.zahnaerztin-thies.de\/es\/wp-json\/wp\/v2\/pages\/16403","targetHints":{"allow":["GET"]}}],"collection":[{"href":"https:\/\/www.zahnaerztin-thies.de\/es\/wp-json\/wp\/v2\/pages"}],"about":[{"href":"https:\/\/www.zahnaerztin-thies.de\/es\/wp-json\/wp\/v2\/types\/page"}],"author":[{"embeddable":true,"href":"https:\/\/www.zahnaerztin-thies.de\/es\/wp-json\/wp\/v2\/users\/21"}],"replies":[{"embeddable":true,"href":"https:\/\/www.zahnaerztin-thies.de\/es\/wp-json\/wp\/v2\/comments?post=16403"}],"version-history":[{"count":29,"href":"https:\/\/www.zahnaerztin-thies.de\/es\/wp-json\/wp\/v2\/pages\/16403\/revisions"}],"predecessor-version":[{"id":19896,"href":"https:\/\/www.zahnaerztin-thies.de\/es\/wp-json\/wp\/v2\/pages\/16403\/revisions\/19896"}],"wp:attachment":[{"href":"https:\/\/www.zahnaerztin-thies.de\/es\/wp-json\/wp\/v2\/media?parent=16403"}],"curies":[{"name":"wp","href":"https:\/\/api.w.org\/{rel}","templated":true}]}}